{"id":21461,"date":"2019-12-11T14:31:06","date_gmt":"2019-12-11T13:31:06","guid":{"rendered":"https:\/\/kks-geschmack.com\/?page_id=21461"},"modified":"2019-12-11T15:38:32","modified_gmt":"2019-12-11T14:38:32","slug":"politique-de-confidentialite","status":"publish","type":"page","link":"https:\/\/kks-geschmack.com\/fr\/politique-de-confidentialite\/","title":{"rendered":"Politique de confidentialit\u00e9"},"content":{"rendered":"<section class=\"  no-margin sm-no-margin xs-no-margin no-padding sm-no-padding xs-no-padding\"  style=\" background-color:#c54203;  min-height:195px\"><div class=\"container\"><div class=\"row\"><div data-front-class=\"  col-xs-mobile-fullwidth col-sm-12 no-padding sm-no-padding xs-no-padding no-margin sm-no-margin xs-no-margin front-column-class\" class=\"wpb_column hcode-column-container  col-xs-mobile-fullwidth col-sm-12 no-padding sm-no-padding xs-no-padding no-margin sm-no-margin xs-no-margin\"><div class=\"vc-column-innner-wrapper\">[vc_empty_space height=\"125px\"]<h3><span style=\"color: #ffffff;\">Politique de confidentialit\u00e9<\/span><\/h3>\n[vc_empty_space height=\"20px\"]<\/div><\/div><\/div><\/div><\/section><section  class=\"  parallax-fix bg-image-srcset\"  style=\" background-image: url(https:\/\/kks-geschmack.com\/wp-content\/uploads\/2018\/09\/gewuerze-header.jpg); \" data-bg-srcset=\"https:\/\/kks-geschmack.com\/wp-content\/uploads\/2018\/09\/gewuerze-header.jpg 2100w, https:\/\/kks-geschmack.com\/wp-content\/uploads\/2018\/09\/gewuerze-header-300x143.jpg 300w, https:\/\/kks-geschmack.com\/wp-content\/uploads\/2018\/09\/gewuerze-header-768x366.jpg 768w, https:\/\/kks-geschmack.com\/wp-content\/uploads\/2018\/09\/gewuerze-header-1024x488.jpg 1024w, https:\/\/kks-geschmack.com\/wp-content\/uploads\/2018\/09\/gewuerze-header-81x39.jpg 81w, https:\/\/kks-geschmack.com\/wp-content\/uploads\/2018\/09\/gewuerze-header-600x286.jpg 600w\"><div class=\"container\"><div class=\"row\"><div data-front-class=\"  col-xs-mobile-fullwidth col-sm-12 front-column-class\" class=\"wpb_column hcode-column-container  col-xs-mobile-fullwidth col-sm-12\"><div class=\"vc-column-innner-wrapper\">[vc_empty_space height=\"200px\"]<\/div><\/div><\/div><\/div><\/section><section  ><div class=\"container\"><div class=\"row\"><div data-front-class=\"  col-xs-mobile-fullwidth col-sm-12 front-column-class\" class=\"wpb_column hcode-column-container  col-xs-mobile-fullwidth col-sm-12\"><div class=\"vc-column-innner-wrapper\"><p>\u00a7 1 Allgemeines<\/p>\n<p>Ihre personenbezogenen Daten (z.B. Anrede, Name, Anschrift, E-Mail-Adresse, Telefonnummer) werden von uns nur gem\u00e4\u00df den Bestimmungen des deutschen Datenschutzrechts und des Datenschutzrechts der Europ\u00e4ischen Union (EU) verarbeitet. Die nachfolgenden Vorschriften informieren Sie neben den Verarbeitungszwecken, Empf\u00e4ngern, Rechtsgrundlagen, Speicherfristen auch \u00fcber Ihre Rechte und den Verantwortlichen f\u00fcr Ihre Datenverarbeitung. Diese Datenschutzerkl\u00e4rung bezieht sich nur auf unsere Websites. Falls Sie \u00fcber Links auf unseren Seiten auf andere Seiten weitergeleitet werden, informieren Sie sich bitte dort \u00fcber den jeweiligen Umgang mit Ihren Daten.<\/p>\n<p>\u00a7 2 Kontaktaufnahme<\/p>\n<p>(1) Verarbeitungszweck<\/p>\n<p>Ihre personenbezogenen Daten, die Sie uns per E-Mail, Kontaktformular etc. zur Verf\u00fcgung stellen, verarbeiten wir zur Beantwortung und Erledigung Ihrer Anfragen. Sie sind nicht verpflichtet, uns Ihre personenbezogenen Daten bereitzustellen. Aber ohne Mitteilung Ihrer E-Mail Adresse k\u00f6nnen wir Ihnen auch nicht per E-Mail antworten.<\/p>\n<p>(2) Rechtsgrundlagen<\/p>\n<p>a) Sollten Sie uns eine ausdr\u00fcckliche Einwilligung zur Verarbeitung Ihrer Daten gegeben haben, ist Art. 6 Abs. 1a) DSGVO die Rechtsgrundlage f\u00fcr diese Verarbeitung.<\/p>\n<p>b) Sollten wir Ihre Daten zur Durchf\u00fchrung vorvertraglicher Ma\u00dfnahmen verarbeiten, ist Art. 6 Abs. 1b) DSGVO die Rechtsgrundlage.<\/p>\n<p>c) In allen anderen F\u00e4llen (insbesondere bei Nutzung eines Kontaktformulars) ist Art. 6 Abs. 1f) DSGVO die Rechtsgrundlage.<\/p>\n<p>WIDERSPRUCHSRECHT: Sie haben das Recht, der Datenverarbeitung die auf der Grundlage des Art. 6 Abs. 1 f) DSGVO erfolgt und nicht der Direktwerbung dient aus Gr\u00fcnden, die sich aus Ihrer besonderen Situation ergeben, jederzeit zu widersprechen. Im Falle der Direktwerbung k\u00f6nnen Sie der Verarbeitung hingegen ohne Angabe von Gr\u00fcnden jederzeit widersprechen.<\/p>\n<p>(3) Berechtigtes Interesse<\/p>\n<p>Unser berechtigtes Interesse an der Verarbeitung besteht darin, mit Ihnen auf schnellem Wege zu kommunizieren und Ihre Anfragen kosteng\u00fcnstig zu beantworten. Wenn Sie uns Ihre Anschrift mitteilen, behalten wir uns vor, diese f\u00fcr postalische Direktwerbung zu verwenden. Ihr Interesse am Datenschutz k\u00f6nnen Sie durch eine sparsame Datenweitergabe (z.B. Verwendung eines Pseudonyms) wahren.<\/p>\n<p>(4) Empf\u00e4ngerkategorien Hostinganbieter, Versanddienstleister bei Direktwerbung<\/p>\n<p>(5) Speicherdauer<\/p>\n<p>Ihre Daten werden gel\u00f6scht, wenn sich aus den Umst\u00e4nden entnehmen l\u00e4sst, dass Ihre Anfrage bzw. der betroffene Sachverhalt abschlie\u00dfend gekl\u00e4rt ist. Falls es jedoch zu einem Vertragsschluss kommt, werden die nach Handels- und Steuerrecht erforderlichen Daten von uns f\u00fcr die gesetzlich bestimmten Zeitr\u00e4ume aufbewahrt, also regelm\u00e4\u00dfig zehn Jahre (vgl. \u00a7 257 HGB, \u00a7 147 AO).<\/p>\n<p>(6) Widerrufsrecht<\/p>\n<p>Sie haben im Fall der Verarbeitung aufgrund Ihrer Einwilligung das Recht, Ihre Einwilligung jederzeit zu widerrufen.<\/p>\n<p>\u00a7 3 Kommentare<\/p>\n<p>(1) Verarbeitungszweck<\/p>\n<p>Es besteht die M\u00f6glichkeit einen Kommentar zu verfassen. Ihre Daten (z.B. Name\/Pseudonym, E-Mail-Adresse, Website) werden dann nur f\u00fcr den Zweck der Ver\u00f6ffentlichung Ihres Kommentars verarbeitet.<\/p>\n<p>(2) Rechtsgrundlage Rechtsgrundlage f\u00fcr diese Verarbeitung ist Art. 6 Abs. 1 f) DSGVO.<\/p>\n<p>(3) Berechtigtes Interesse<\/p>\n<p>Unser berechtigtes Interesse ist der \u00f6ffentliche Austausch von Nutzermeinungen zu bestimmten Themen und Produkten. Die Ver\u00f6ffentlichung dient u.a. der Transparenz und Meinungsbildung. Ihr Interesse am Datenschutz bleibt gewahrt, da Sie Ihren Kommentar unter einem Pseudonym ver\u00f6ffentlichen k\u00f6nnen.<\/p>\n<p>(4) Speicherdauer<\/p>\n<p>Eine bestimmte Speicherdauer ist nicht vorgesehen. Sie k\u00f6nnen jederzeit die L\u00f6schung Ihres Kommentars verlangen.<\/p>\n<p>(5) WIDERSPRUCHSRECHT<\/p>\n<p>Sie haben das Recht, der Datenverarbeitung die auf der Grundlage des Art. 6 Abs. 1 f) DSGVO erfolgt und nicht der Direktwerbung dient aus Gr\u00fcnden, die sich aus Ihrer besonderen Situation ergeben, jederzeit zu widersprechen. Im Falle der Direktwerbung k\u00f6nnen Sie der Verarbeitung hingegen ohne Angabe von Gr\u00fcnden jederzeit widersprechen.<\/p>\n<p>\u00a7 4 Webanalyse mit Google Analytics<\/p>\n<p>(1) Verarbeitungszweck<\/p>\n<p>Diese Website benutzt Google Analytics, einen Webanalysedienst der Google LLC, 1600 Amphitheatre Parkway, Mountain View, CA 94043, USA. (\"Google\"). Google Analytics verwendet sog. \"Cookies\", Textdateien, die auf Ihrem Computer gespeichert werden und die eine Analyse der Benutzung der Website durch Sie erm\u00f6glichen. Die durch den Cookie erzeugten Informationen \u00fcber Ihre Benutzung dieser Website werden in der Regel an einen Server von Google in den USA \u00fcbertragen und dort gespeichert. Im Falle der Aktivierung der IP-Anonymisierung auf dieser Website, wird Ihre IP-Adresse von Google jedoch innerhalb von Mitgliedstaaten der Europ\u00e4ischen Union oder in anderen Vertragsstaaten des Abkommens \u00fcber den Europ\u00e4ischen Wirtschaftsraum zuvor gek\u00fcrzt. Nur in Ausnahmef\u00e4llen wird die volle IP-Adresse an einen Server von Google in den USA \u00fcbertragen und dort gek\u00fcrzt. Im Auftrag des Betreibers dieser Website wird Google diese Informationen benutzen, um Ihre Nutzung der Website auszuwerten, um Reports \u00fcber die Websiteaktivit\u00e4ten zusammenzustellen und um weitere mit der Websitenutzung und der Internetnutzung verbundene Dienstleistungen gegen\u00fcber dem Websitebetreiber zu erbringen.<\/p>\n<p>(2) Rechtsgrundlage<\/p>\n<p>Rechtsgrundlage f\u00fcr diese Verarbeitung ist Art. 6 Abs.1 f) DSGVO.<\/p>\n<p>(3) Berechtigtes Interesse<\/p>\n<p>Unser berechtigtes Interesse ist die statistische Analyse des Nutzerverhaltens zu Optimierungs- und Marketingzwecken. Zum Schutz Ihres Interesses am Datenschutz benutzt diese Webseite Google Analytics mit der Erweiterung \"anonymizeIP()\", damit die IP-Adressen nur gek\u00fcrzt weiterverarbeitet werden, um eine direkte Personenbeziehbarkeit auszuschlie\u00dfen.<\/p>\n<p>(4) Empf\u00e4ngerkategorien<\/p>\n<p>Google, Partnerunternehmen<\/p>\n<p>(5) \u00dcbermittlung an ein Drittland<\/p>\n<p>Google LLC mit Sitz in den USA ist f\u00fcr das us-europ\u00e4ische Datenschutz\u00fcbereinkommen \u201ePrivacy Shield\u201c zertifiziert, welches die Einhaltung des in der EU geltenden Datenschutzniveaus gew\u00e4hrleistet.<\/p>\n<p>(6) Speicherdauer<\/p>\n<p>Unbegrenzt<\/p>\n<p>(7) WIDERSPRUCHSRECHT<\/p>\n<p>Sie k\u00f6nnen die Speicherung der Cookies durch eine entsprechende Einstellung Ihrer Browser-Software verhindern; wir weisen Sie jedoch darauf hin, dass Sie in diesem Fall gegebenenfalls nicht s\u00e4mtliche Funktionen dieser Website vollumf\u00e4nglich werden nutzen k\u00f6nnen. Sie k\u00f6nnen dar\u00fcber hinaus die Erfassung der durch das Cookie erzeugten und auf Ihre Nutzung der Website bezogenen Daten (inkl. Ihrer IP-Adresse) an Google sowie die Verarbeitung dieser Daten durch Google verhindern, indem Sie das unter dem folgenden Link verf\u00fcgbare Browser-Plugin herunterladen und installieren: optout Sie k\u00f6nnen die Erfassung auch durch das Setzen eines Opt-Out-Cookies unterbinden. Wenn Sie die zuk\u00fcnftige Erfassung Ihrer Daten beim Besuch dieser Website verhindern m\u00f6chten, klicken Sie bitte hier: Google Analytics deaktivieren<\/p>\n<p>\u00a7 5 Informationen \u00fcber Cookies<\/p>\n<p>(1) Verarbeitungszweck<\/p>\n<p>Auf dieser Webseite werden technisch notwendige Cookies eingesetzt. Es handelt sich dabei um kleine Textdateien, die im bzw. von Ihrem Internetbrowser auf Ihrem Computersystem nicht dauerhaft gespeichert werden und nur der Funktionsf\u00e4higkeit der Webseite dienen. Andere Cookies bleiben dauerhaft und erkennen Ihren Browser beim n\u00e4chsten Besuch wieder, um die Benutzerfreundlichkeit der Webseite zu erh\u00f6hen.<\/p>\n<p>(2) Rechtsgrundlage<\/p>\n<p>Rechtsgrundlage f\u00fcr die Verarbeitung ist Art. 6 Abs.1 a) DSGVO. Die nachstehende Einwilligung zum Cookie-Einsatz auf unserer Seite haben Sie ggf. ausdr\u00fccklich erteilt: Diese Webseite verwendet Cookies, um den bestm\u00f6glichen Service zur Verf\u00fcgung stellen zu k\u00f6nnen. Beim Fortfahren durch die Nutzung dieser Seite, wird der Verwendung von Cookies zugestimmt.<\/p>\n<p>(3) Speicherdauer<\/p>\n<p>Die technisch notwendigen Cookies werden im Regelfall mit dem Schlie\u00dfen des Browsers gel\u00f6scht. Dauerhaft gespeicherte Cookies haben eine unterschiedlich lange Lebensdauer von einigen Minuten bis zu mehreren Jahren.<\/p>\n<p>(4) Widerrufsrecht<\/p>\n<p>Falls Sie die Speicherung dieser Cookies nicht w\u00fcnschen, deaktivieren Sie bitte die Annahme dieser Cookies in Ihrem Internetbrowser. Dies kann aber eine Funktionseinschr\u00e4nkung unserer Webseite zur Folge haben. Ihre Einwilligung in die dauerhafte Speicherung k\u00f6nnen Sie dadurch widerrufen, dass Sie die gespeicherten Cookies \u00fcber Ihren Browser l\u00f6schen.<\/p>\n<p>\u00a7 6 Social Plugins<\/p>\n<p>(1) Wir verwenden Social Plugins von facebook.com, betrieben durch Facebook Inc., 1601 S. California Ave, Palo Alto, CA 94304, USA. Die Plugins sind an dem Facebook Logo oder dem Zusatz \"Facebook Social Plugin\" zu erkennen. Wenn Sie z.B. den \"Gef\u00e4llt mir\" Button anklicken oder einen Kommentar abgeben, wird die entsprechende Information von Ihrem Browser direkt an Facebook \u00fcbermittelt und dort gespeichert. Weiterhin macht Facebook Ihre Vorlieben f\u00fcr Ihre Facebook-Freunde \u00f6ffentlich. Sind Sie bei Facebook eingeloggt, kann Facebook den Aufruf unserer Seite Ihrem Facebook-Konto direkt zuordnen. Auch wenn Sie nicht eingeloggt sind oder gar kein Facebook-Konto besitzen, \u00fcbermittelt Ihr Browser Informationen (z.B. welche Website Sie aufgerufen haben, Ihre IP-Adresse), die von Facebook gespeichert werden. Details zum Umgang mit Ihren pers\u00f6nlichen Daten durch Facebook sowie Ihren diesbez\u00fcglichen Rechten entnehmen Sie bitte den Datenschutzhinweisen von Facebook. Wenn Sie nicht m\u00f6chten, dass Facebook die \u00fcber unsere Websites \u00fcber Sie gesammelten Daten Ihrem Facebook-Konto zuordnet, m\u00fcssen Sie sich vor Ihrem Besuch unserer Websites bei Facebook ausloggen. Sie k\u00f6nnen das Laden der Facebook Plugins auch mit Add-Ons f\u00fcr Ihren Browser komplett verhindern, z.B. mit dem \"Facebook Blocker\" (Facebook).<\/p>\n<p>(2) Wir verwenden mit Twitter und den Re-Tweet-Funktionen sog. \"Social Plugins\" von twitter.com, betrieben durch die Twitter Inc. 795 Folsom St., Suite 600, San Francisco, CA 94107, USA. Die Plugins sind mit einem Twitter-Logo wie z.B. dem blauen \"Twitter-Vogel\" gekennzeichnet. Wenn Sie die Re-Tweet Funktionen nutzen, werden die von Ihnen besuchten Websites Dritten bekanntgegeben und mit Ihrem Twitter-Account verbunden. Details zum Umgang mit Ihren Daten durch Twitter sowie zu Ihren Rechten und Einstellungsm\u00f6glichkeiten zum Schutz Ihrer pers\u00f6nlichen Daten k\u00f6nnen Sie den Datenschutzhinweisen von Twitter entnehmen. Wenn Sie nicht m\u00f6chten, dass Twitter die \u00fcber unseren Webauftritt gesammelten Daten unmittelbar Ihrem Twitter-Account zuordnet, m\u00fcssen Sie sich vor Ihrem Besuch unserer Website bei Twitter ausloggen. Sie k\u00f6nnen das Laden der Twitter Plugins auch mit Add-Ons f\u00fcr Ihren Browser komplett verhindern, z.B. mit dem Skript-Blocker (NoScript).<\/p>\n<p>(3) Social Plugins von Google+<\/p>\n<p>Auf unserer Website werden sog. Social Plugins (\"Plugins\") des sozialen Netzwerkes Google+, das von der Google Inc., 1600 Amphitheatre Parkway, Mountain View, CA 94043, USA (\"Google\") betrieben wird, verwendet. Die Plugins sind z.B. an Buttons mit dem Zeichen \"+1\" auf wei\u00dfem oder farbigem Hintergrund erkennbar. Eine \u00dcbersicht \u00fcber die Google Plugins und deren Aussehen finden Sie hier. Wenn Sie eine Seite unseres Webauftritts aufrufen, die ein solches Plugin enth\u00e4lt, baut Ihr Browser eine direkte Verbindung zu den Servern von Google auf. Der Inhalt des Plugins wird von Google direkt an Ihren Browser \u00fcbermittelt und in die Seite eingebunden. Durch die Einbindung erh\u00e4lt Google die Information, dass Ihr Browser die entsprechende Seite unseres Webauftritts aufgerufen hat, auch wenn Sie kein Profil bei Google+ besitzen oder gerade nicht bei Google+ eingeloggt sind. Diese Information (einschlie\u00dflich Ihrer IP-Adresse) wird von Ihrem Browser direkt an einen Server von Google in die USA \u00fcbermittelt und dort gespeichert.<\/p>\n<p>Sind Sie bei Google+ eingeloggt, kann Google den Besuch unserer Website Ihrem Google+ Profil unmittelbar zuordnen. Wenn Sie mit den Plugins interagieren, zum Beispiel den \"+1\"-Button bet\u00e4tigen, wird die entsprechende Information ebenfalls direkt an einen Server von Google \u00fcbermittelt und dort gespeichert. Die Informationen werden au\u00dferdem auf Google+ ver\u00f6ffentlicht und Ihren Kontakten auf Google+ angezeigt.<\/p>\n<p>Zweck und Umfang der Datenerhebung und die weitere Verarbeitung und Nutzung der Daten durch Google sowie Ihre diesbez\u00fcglichen Rechte und Einstellungsm\u00f6glichkeiten zum Schutz Ihrer Privatsph\u00e4re entnehmen Sie bitte den Datenschutzhinweisen von Google.<\/p>\n<p>Wenn Sie nicht m\u00f6chten, dass Google die \u00fcber unseren Webauftritt gesammelten Daten unmittelbar Ihrem Profil auf Google+ zuordnet, m\u00fcssen Sie sich vor Ihrem Besuch unserer Website bei Google+ ausloggen. Sie k\u00f6nnen das Laden der Google Plugins auch mit Add-Ons f\u00fcr Ihren Browser komplett verhindern.<\/p>\n<p>\u00a7 7 Rechte der betroffenen Person<\/p>\n<p>Werden personenbezogene Daten von Ihnen verarbeitet, sind Sie Betroffener i.S.d. DSGVO und es stehen Ihnen folgende Rechte uns gegen\u00fcber zu:<\/p>\n<p>1. Auskunftsrecht<\/p>\n<p>Sie k\u00f6nnen von uns eine Best\u00e4tigung dar\u00fcber verlangen, ob personenbezogene Daten, die Sie betreffen, von uns verarbeitet werden. Liegt eine solche Verarbeitung vor, k\u00f6nnen Sie von uns \u00fcber folgende Informationen Auskunft verlangen:<\/p>\n<p>(1) die Zwecke, zu denen die personenbezogenen Daten verarbeitet werden;<\/p>\n<p>(2) die Kategorien von personenbezogenen Daten, welche verarbeitet werden;<\/p>\n<p>(3) die Empf\u00e4nger bzw. die Kategorien von Empf\u00e4ngern, gegen\u00fcber denen die Sie betreffenden personenbezogenen Daten offengelegt wurden oder noch offengelegt werden;<\/p>\n<p>(4) die geplante Dauer der Speicherung der Sie betreffenden personenbezogenen Daten oder, falls konkrete Angaben hierzu nicht m\u00f6glich sind, Kriterien f\u00fcr die Festlegung der Speicherdauer;<\/p>\n<p>(5) das Bestehen eines Rechts auf Berichtigung oder L\u00f6schung der Sie betreffenden personenbezogenen Daten, eines Rechts auf Einschr\u00e4nkung der Verarbeitung durch uns oder eines Widerspruchsrechts gegen diese Verarbeitung; (6) das Bestehen eines Beschwerderechts bei einer Aufsichtsbeh\u00f6rde;<\/p>\n<p>(7) alle verf\u00fcgbaren Informationen \u00fcber die Herkunft der Daten, wenn die personenbezogenen Daten nicht bei der betroffenen Person erhoben werden;<\/p>\n<p>(8) das Bestehen einer automatisierten Entscheidungsfindung einschlie\u00dflich Profiling gem\u00e4\u00df Art. 22 Abs. 1 und 4 DSGVO und \u2013 zumindest in diesen F\u00e4llen \u2013 aussagekr\u00e4ftige Informationen \u00fcber die involvierte Logik sowie die Tragweite und die angestrebten Auswirkungen einer derartigen Verarbeitung f\u00fcr die betroffene Person. Ihnen steht das Recht zu, Auskunft dar\u00fcber zu verlangen, ob die Sie betreffenden personenbezogenen Daten in ein Drittland oder an eine internationale Organisation \u00fcbermittelt werden. In diesem Zusammenhang k\u00f6nnen Sie verlangen, \u00fcber die geeigneten Garantien gem. Art. 46 DSGVO im Zusammenhang mit der \u00dcbermittlung unterrichtet zu werden.<\/p>\n<p>2. Recht auf Berichtigung<\/p>\n<p>Sie haben ein Recht auf Berichtigung und\/oder Vervollst\u00e4ndigung uns gegen\u00fcber, sofern die verarbeiteten personenbezogenen Daten, die Sie betreffen, unrichtig oder unvollst\u00e4ndig sind. Wir m\u00fcssen die Berichtigung unverz\u00fcglich vornehmen.<\/p>\n<p>3. Recht auf Einschr\u00e4nkung der Verarbeitung<\/p>\n<p>Unter den folgenden Voraussetzungen k\u00f6nnen Sie die Einschr\u00e4nkung der Verarbeitung der Sie betreffenden personenbezogenen Daten verlangen: (<\/p>\n<p>1) wenn Sie die Richtigkeit der Sie betreffenden personenbezogenen Daten f\u00fcr eine Dauer bestreiten, die es uns erm\u00f6glicht, die Richtigkeit der personenbezogenen Daten zu \u00fcberpr\u00fcfen;<\/p>\n<p>(2) wenn die Verarbeitung unrechtm\u00e4\u00dfig ist und Sie die L\u00f6schung der personenbezogenen Daten ablehnen und stattdessen die Einschr\u00e4nkung der Nutzung der personenbezogenen Daten verlangen;<\/p>\n<p>(3) wenn wir die personenbezogenen Daten f\u00fcr die Zwecke der Verarbeitung nicht l\u00e4nger ben\u00f6tigen, Sie diese jedoch zur Geltendmachung, Aus\u00fcbung oder Verteidigung von Rechtsanspr\u00fcchen ben\u00f6tigen, oder<\/p>\n<p>(4) wenn Sie Widerspruch gegen die Verarbeitung gem\u00e4\u00df Art. 21 Abs. 1 DSGVO eingelegt haben und noch nicht feststeht, ob die uns zustehenden berechtigten Gr\u00fcnde gegen\u00fcber Ihren Gr\u00fcnden \u00fcberwiegen. Wurde die Verarbeitung der Sie betreffenden personenbezogenen Daten eingeschr\u00e4nkt, d\u00fcrfen diese Daten \u2013 von ihrer Speicherung abgesehen \u2013 nur mit Ihrer Einwilligung oder zur Geltendmachung, Aus\u00fcbung oder Verteidigung von Rechtsanspr\u00fcchen oder zum Schutz der Rechte einer anderen nat\u00fcrlichen oder juristischen Person oder aus Gr\u00fcnden eines wichtigen \u00f6ffentlichen Interesses der Union oder eines Mitgliedstaats verarbeitet werden. Wurde die Einschr\u00e4nkung der Verarbeitung nach den oben genannten Voraussetzungen eingeschr\u00e4nkt, werden Sie von uns unterrichtet bevor die Einschr\u00e4nkung aufgehoben wird.<\/p>\n<p>4. Recht auf L\u00f6schung<\/p>\n<p>a) L\u00f6schungspflicht<\/p>\n<p>Sie k\u00f6nnen von uns verlangen, dass die Sie betreffenden personenbezogenen Daten unverz\u00fcglich gel\u00f6scht werden, und wir sind verpflichtet, diese Daten unverz\u00fcglich zu l\u00f6schen, sofern einer der folgenden Gr\u00fcnde zutrifft:<\/p>\n<p>(1) Die Sie betreffenden personenbezogenen Daten sind f\u00fcr die Zwecke, f\u00fcr die sie erhoben oder auf sonstige Weise verarbeitet wurden, nicht mehr notwendig.<\/p>\n<p>(2) Sie widerrufen Ihre Einwilligung, auf die sich die Verarbeitung gem. Art. 6 Abs. 1 lit. a oder Art. 9 Abs. 2 lit. a DSGVO st\u00fctzte, und es fehlt an einer anderweitigen Rechtsgrundlage f\u00fcr die Verarbeitung.<\/p>\n<p>(3) Sie legen gem. Art. 21 Abs. 1 DSGVO Widerspruch gegen die Verarbeitung ein und es liegen keine vorrangigen berechtigten Gr\u00fcnde f\u00fcr die Verarbeitung vor, oder Sie legen gem. Art. 21 Abs. 2 DSGVO Widerspruch gegen die Verarbeitung ein.<\/p>\n<p>(4) Die Sie betreffenden personenbezogenen Daten wurden unrechtm\u00e4\u00dfig verarbeitet.<\/p>\n<p>(5) Die L\u00f6schung der Sie betreffenden personenbezogenen Daten ist zur Erf\u00fcllung einer rechtlichen Verpflichtung nach dem Unionsrecht oder dem Recht der Mitgliedstaaten erforderlich, dem wir unterliegen.<\/p>\n<p>(6) Die Sie betreffenden personenbezogenen Daten wurden in Bezug auf angebotene Dienste der Informationsgesellschaft gem\u00e4\u00df Art. 8 Abs. 1 DSGVO erhoben.<\/p>\n<p>b) Information an Dritte<\/p>\n<p>Haben wir die Sie betreffenden personenbezogenen Daten \u00f6ffentlich gemacht und sind wir gem. Art. 17 Abs. 1 DSGVO zu deren L\u00f6schung verpflichtet, so treffen wir unter Ber\u00fccksichtigung der verf\u00fcgbaren Technologie und der Implementierungskosten angemessene Ma\u00dfnahmen, auch technischer Art, um die f\u00fcr die Datenverarbeitung Verantwortlichen, die die personenbezogenen Daten verarbeiten, dar\u00fcber zu informieren, dass Sie als betroffene Person von ihnen die L\u00f6schung aller Links zu diesen personenbezogenen Daten oder von Kopien oder Replikationen dieser personenbezogenen Daten verlangt haben. c) Ausnahmen Das Recht auf L\u00f6schung besteht nicht, soweit die Verarbeitung erforderlich ist<\/p>\n<p>(1) zur Aus\u00fcbung des Rechts auf freie Meinungs\u00e4u\u00dferung und Information;<\/p>\n<p>(2) zur Erf\u00fcllung einer rechtlichen Verpflichtung, die die Verarbeitung nach dem Recht der Union oder der Mitgliedstaaten, dem wir unterliegen, erfordert, oder zur Wahrnehmung einer Aufgabe, die im \u00f6ffentlichen Interesse liegt oder in Aus\u00fcbung \u00f6ffentlicher Gewalt erfolgt, die uns \u00fcbertragen wurde;<\/p>\n<p>(3) aus Gr\u00fcnden des \u00f6ffentlichen Interesses im Bereich der \u00f6ffentlichen Gesundheit gem\u00e4\u00df Art. 9 Abs. 2 lit. h und i sowie Art. 9 Abs. 3 DSGVO;<\/p>\n<p>(4) f\u00fcr im \u00f6ffentlichen Interesse liegende Archivzwecke, wissenschaftliche oder historische Forschungszwecke oder f\u00fcr statistische Zwecke gem. Art. 89 Abs. 1 DSGVO, soweit das unter Abschnitt a) genannte Recht voraussichtlich die Verwirklichung der Ziele dieser Verarbeitung unm\u00f6glich macht oder ernsthaft beeintr\u00e4chtigt, oder<\/p>\n<p>(5) zur Geltendmachung, Aus\u00fcbung oder Verteidigung von Rechtsanspr\u00fcchen.<\/p>\n<p>5. Recht auf Unterrichtung<\/p>\n<p>Haben Sie das Recht auf Berichtigung, L\u00f6schung oder Einschr\u00e4nkung der Verarbeitung uns gegen\u00fcber geltend gemacht, sind wir verpflichtet, allen Empf\u00e4ngern, denen die Sie betreffenden personenbezogenen Daten offengelegt wurden, diese Berichtigung oder L\u00f6schung der Daten oder Einschr\u00e4nkung der Verarbeitung mitzuteilen, es sei denn, dies erweist sich als unm\u00f6glich oder ist mit einem unverh\u00e4ltnism\u00e4\u00dfigen Aufwand verbunden. Ihnen steht uns gegen\u00fcber das Recht zu, \u00fcber diese Empf\u00e4nger unterrichtet zu werden.<\/p>\n<p>6. Recht auf Daten\u00fcbertragbarkeit Sie haben das Recht, die Sie betreffenden personenbezogenen Daten, die Sie uns bereitgestellt haben, in einem strukturierten, g\u00e4ngigen und maschinenlesbaren Format zu erhalten. Au\u00dferdem haben Sie das Recht diese Daten einem anderen Verantwortlichen ohne Behinderung zu \u00fcbermitteln, sofern<\/p>\n<p>(1) die Verarbeitung auf einer Einwilligung gem. Art. 6 Abs. 1 lit. a DSGVO oder Art. 9 Abs. 2 lit. a DSGVO oder auf einem Vertrag gem. Art. 6 Abs. 1 lit. b DSGVO beruht und<\/p>\n<p>(2) die Verarbeitung mithilfe automatisierter Verfahren erfolgt. In Aus\u00fcbung dieses Rechts haben Sie ferner das Recht, zu erwirken, dass die Sie betreffenden personenbezogenen Daten direkt von uns einem anderen Verantwortlichen \u00fcbermittelt werden, soweit dies technisch machbar ist. Freiheiten und Rechte anderer Personen d\u00fcrfen hierdurch nicht beeintr\u00e4chtigt werden. Das Recht auf Daten\u00fcbertragbarkeit gilt nicht f\u00fcr eine Verarbeitung personenbezogener Daten, die f\u00fcr die Wahrnehmung einer Aufgabe erforderlich ist, die im \u00f6ffentlichen Interesse liegt oder in Aus\u00fcbung \u00f6ffentlicher Gewalt erfolgt, die uns \u00fcbertragen wurde.<\/p>\n<p>7. Widerspruchsrecht<\/p>\n<p>Sie haben das Recht, aus Gr\u00fcnden, die sich aus Ihrer besonderen Situation ergeben, jederzeit gegen die Verarbeitung der Sie betreffenden personenbezogenen Daten, die aufgrund von Art. 6 Abs. 1 lit. e oder f DSGVO erfolgt, Widerspruch einzulegen; dies gilt auch f\u00fcr ein auf diese Bestimmungen gest\u00fctztes Profiling.<\/p>\n<p>Wir verarbeiten die Sie betreffenden personenbezogenen Daten dann nicht mehr, es sei denn, wir k\u00f6nnen zwingende schutzw\u00fcrdige Gr\u00fcnde f\u00fcr die Verarbeitung nachweisen, die Ihre Interessen, Rechte und Freiheiten \u00fcberwiegen, oder die Verarbeitung dient der Geltendmachung, Aus\u00fcbung oder Verteidigung von Rechtsanspr\u00fcchen. Werden die Sie betreffenden personenbezogenen Daten verarbeitet, um Direktwerbung zu betreiben, haben Sie das Recht, jederzeit Widerspruch gegen die Verarbeitung der Sie betreffenden personenbezogenen Daten zum Zwecke derartiger Werbung einzulegen; dies gilt auch f\u00fcr das Profiling, soweit es mit solcher Direktwerbung in Verbindung steht. Widersprechen Sie der Verarbeitung f\u00fcr Zwecke der Direktwerbung, so werden die Sie betreffenden personenbezogenen Daten nicht mehr f\u00fcr diese Zwecke verarbeitet. Sie haben die M\u00f6glichkeit, im Zusammenhang mit der Nutzung von Diensten der Informationsgesellschaft \u2013 ungeachtet der Richtlinie 2002\/58\/EG \u2013 Ihr Widerspruchsrecht mittels automatisierter Verfahren auszu\u00fcben, bei denen technische Spezifikationen verwendet werden.<\/p>\n<p>8. Recht auf Widerruf der datenschutzrechtlichen Einwilligungserkl\u00e4rung<\/p>\n<p>Sie haben das Recht, Ihre datenschutzrechtliche Einwilligungserkl\u00e4rung jederzeit zu widerrufen. Durch den Widerruf der Einwilligung wird die Rechtm\u00e4\u00dfigkeit der aufgrund der Einwilligung bis zum Widerruf erfolgten Verarbeitung nicht ber\u00fchrt.<\/p>\n<p>9. Automatisierte Entscheidung im Einzelfall einschlie\u00dflich Profiling<\/p>\n<p>Sie haben das Recht, nicht einer ausschlie\u00dflich auf einer automatisierten Verarbeitung \u2013 einschlie\u00dflich Profiling \u2013 beruhenden Entscheidung unterworfen zu werden, die Ihnen gegen\u00fcber rechtliche Wirkung entfaltet oder Sie in \u00e4hnlicher Weise erheblich beeintr\u00e4chtigt. Dies gilt nicht, wenn die Entscheidung<\/p>\n<p>(1) f\u00fcr den Abschluss oder die Erf\u00fcllung eines Vertrags zwischen Ihnen und uns erforderlich ist,<\/p>\n<p>(2) aufgrund von Rechtsvorschriften der Union oder der Mitgliedstaaten, denen wir unterliegen, zul\u00e4ssig ist und diese Rechtsvorschriften angemessene Ma\u00dfnahmen zur Wahrung Ihrer Rechte und Freiheiten sowie Ihrer berechtigten Interessen enthalten oder<\/p>\n<p>(3) mit Ihrer ausdr\u00fccklichen Einwilligung erfolgt. Allerdings d\u00fcrfen diese Entscheidungen nicht auf besonderen Kategorien personenbezogener Daten nach Art. 9 Abs. 1 DSGVO beruhen, sofern nicht Art. 9 Abs. 2 lit. a oder g gilt und angemessene Ma\u00dfnahmen zum Schutz der Rechte und Freiheiten sowie Ihrer berechtigten Interessen getroffen wurden. Hinsichtlich der in (1) und (3) genannten F\u00e4lle treffen wir angemessene Ma\u00dfnahmen, um die Rechte und Freiheiten sowie Ihre berechtigten Interessen zu wahren.<\/p>\n<p>10. Recht auf Beschwerde bei einer Aufsichtsbeh\u00f6rde<\/p>\n<p>Unbeschadet eines anderweitigen verwaltungsrechtlichen oder gerichtlichen Rechtsbehelfs steht Ihnen das Recht auf Beschwerde bei einer Aufsichtsbeh\u00f6rde, insbesondere in dem Mitgliedstaat Ihres Aufenthaltsorts, Ihres Arbeitsplatzes oder des Orts des mutma\u00dflichen Versto\u00dfes, zu, wenn Sie der Ansicht sind, dass die Verarbeitung der Sie betreffenden personenbezogenen Daten gegen die DSGVO verst\u00f6\u00dft. Die Aufsichtsbeh\u00f6rde, bei der die Beschwerde eingereicht wurde, unterrichtet den Beschwerdef\u00fchrer \u00fcber den Stand und die Ergebnisse der Beschwerde einschlie\u00dflich der M\u00f6glichkeit eines gerichtlichen Rechtsbehelfs nach Art. 78 DSGVO.<\/p>\n<p>Verantwortlich f\u00fcr die Datenverarbeitung:<\/p>\n<p>Datenschutzbeauftragte<br \/>\nSibylle Frey<br \/>\nTel.: +49(0)6352-40199-13<br \/>\ne-mail: sibyllefrey@kks-geschmack.de<br \/>\nMarnheimer Stra\u00dfe 81-83<br \/>\n67292 Kirchheimbolanden<\/p>\n<\/div><\/div><\/div><\/div><\/section><section class=\" vc_custom_1539946737354 \" ><div class=\"container\"><div class=\"row\"><div data-front-class=\"  col-xs-mobile-fullwidth col-sm-12 front-column-class\" class=\"wpb_column hcode-column-container  col-xs-mobile-fullwidth col-sm-12\"><div class=\"vc-column-innner-wrapper\">[vc_empty_space height=\"1px\"]<\/div><\/div><\/div><\/div><\/section><section class=\"  no-margin sm-no-margin xs-no-margin no-padding sm-no-padding xs-no-padding\"  style=\"  \"><div class=\"container\"><div class=\"row\"><div data-front-class=\"  col-xs-mobile-fullwidth\" class=\"wpb_column hcode-column-container  col-xs-mobile-fullwidth\"><div class=\"vc-column-innner-wrapper\">[vc_empty_space height=\"100px\"]<\/div><\/div><\/div><\/div><\/section><section class=\"  no-margin sm-no-margin xs-no-margin no-padding sm-no-padding xs-no-padding\"  style=\"  \"><div class=\"container\"><div class=\"row\"><div data-front-class=\"  col-xs-mobile-fullwidth col-sm-4 front-column-class\" class=\"wpb_column hcode-column-container  col-xs-mobile-fullwidth col-sm-4\"><div class=\"vc-column-innner-wrapper\"><p><strong>KKS KARL KONRAD GmbH &amp; Co. KG<\/strong><br \/>\nMarnheimer Str. 81\u201383<br \/>\nD\u201367292 Kirchheimbolanden<br \/>\nTelefon: + 49 (0) 6352 \u2013 40199-90<br \/>\nTelefax: + 49 (0) 6352 \u2013 40199-23<br \/>\ninfo@kks-geschmack.de<\/p>\n[vc_empty_space height=\"100px\"]<\/div><\/div><div data-front-class=\"  col-xs-mobile-fullwidth col-sm-2 front-column-class\" class=\"wpb_column hcode-column-container  col-xs-mobile-fullwidth col-sm-2\"><div class=\"vc-column-innner-wrapper\">[vc_single_image image=\"18908\" onclick=\"custom_link\" link=\"https:\/\/kks-geschmack.com\"]<\/div><\/div><div data-front-class=\"  col-xs-mobile-fullwidth col-sm-2 front-column-class\" class=\"wpb_column hcode-column-container  col-xs-mobile-fullwidth col-sm-2\"><div class=\"vc-column-innner-wrapper\">[vc_single_image image=\"19247\" onclick=\"custom_link\" img_link_target=\"_blank\" link=\"https:\/\/www.kindeskinder.biz\/\"]<\/div><\/div><div data-front-class=\"  col-xs-mobile-fullwidth col-sm-2 front-column-class\" class=\"wpb_column hcode-column-container  col-xs-mobile-fullwidth col-sm-2\"><div class=\"vc-column-innner-wrapper\">[vc_single_image image=\"19246\" onclick=\"custom_link\" link=\"\/rud-schmidt-wwe\/\"]<\/div><\/div><div data-front-class=\"  col-xs-mobile-fullwidth col-sm-2 front-column-class\" class=\"wpb_column hcode-column-container  col-xs-mobile-fullwidth col-sm-2\"><div class=\"vc-column-innner-wrapper\">[vc_single_image image=\"19251\"]<\/div><\/div><\/div><\/div><\/section><section class=\"  no-margin sm-no-margin xs-no-margin no-padding sm-no-padding xs-no-padding\" ><div data-background=#003583 data-front-class=\"  col-xs-mobile-fullwidth col-sm-3 front-column-class\" class=\"wpb_column hcode-column-container  col-xs-mobile-fullwidth col-sm-3\" style=\" background:#003583;\"><div class=\"vc-column-innner-wrapper\">[vc_empty_space height=\"20px\"]<h4 style=\"text-align: center;\"><a href=\"\/?page_id=20457\"><span style=\"color: #ffffff;\">M\u00c9LANGES D\u2019ADDITIFS<\/span><\/a><\/h4>\n[vc_empty_space height=\"20px\"]<\/div><\/div><div data-background=#c54203 data-front-class=\"  col-xs-mobile-fullwidth col-sm-3 front-column-class\" class=\"wpb_column hcode-column-container  col-xs-mobile-fullwidth col-sm-3\" style=\" background:#c54203;\"><div class=\"vc-column-innner-wrapper\">[vc_empty_space height=\"20px\"]<h4 style=\"text-align: center;\"><a href=\"\/?page_id=20474\"><span style=\"color: #ffffff;\">E\u0301PICES<\/span><\/a><\/h4>\n[vc_empty_space height=\"20px\"]<\/div><\/div><div data-background=#ff9400 data-front-class=\"  col-xs-mobile-fullwidth col-sm-3 front-column-class\" class=\"wpb_column hcode-column-container  col-xs-mobile-fullwidth col-sm-3\" style=\" background:#ff9400;\"><div class=\"vc-column-innner-wrapper\">[vc_empty_space height=\"20px\"]<h4 style=\"text-align: center;\"><a href=\"\/?page_id=20466\"><span style=\"color: #ffffff;\">FORMULES COMBIN\u00c9ES <\/span><\/a><\/h4>\n[vc_empty_space height=\"20px\"]<\/div><\/div><div data-background=#757500 data-front-class=\"  col-xs-mobile-fullwidth col-sm-3 front-column-class\" class=\"wpb_column hcode-column-container  col-xs-mobile-fullwidth col-sm-3\" style=\" background:#757500;\"><div class=\"vc-column-innner-wrapper\">[vc_empty_space height=\"20px\"]<h4 style=\"text-align: center;\"><a href=\"\/?page_id=20482\"><span style=\"color: #ffffff;\">CONVENIENCE<\/span><\/a><\/h4>\n[vc_empty_space height=\"20px\"]<\/div><\/div><\/section>\r\n","protected":false},"excerpt":{"rendered":"<p>[vc_empty_space height=\u00a0\u00bb125px\u00a0\u00bb]Politique de confidentialit\u00e9 [vc_empty_space height=\u00a0\u00bb20px\u00a0\u00bb][vc_empty_space height=\u00a0\u00bb200px\u00a0\u00bb]\u00a7 1 Allgemeines Ihre personenbezogenen Daten (z.B. Anrede, Name, Anschrift, E-Mail-Adresse, Telefonnummer) werden von uns nur gem\u00e4\u00df den Bestimmungen des deutschen Datenschutzrechts und des Datenschutzrechts der Europ\u00e4ischen Union (EU) verarbeitet. Die nachfolgenden Vorschriften informieren Sie neben den Verarbeitungszwecken, Empf\u00e4ngern, Rechtsgrundlagen, Speicherfristen auch \u00fcber Ihre Rechte und den Verantwortlichen f\u00fcr [&hellip;]<\/p>\n","protected":false},"author":1,"featured_media":0,"parent":0,"menu_order":0,"comment_status":"closed","ping_status":"closed","template":"","meta":{"footnotes":""},"class_list":["post-21461","page","type-page","status-publish","hentry"],"_links":{"self":[{"href":"https:\/\/kks-geschmack.com\/fr\/wp-json\/wp\/v2\/pages\/21461","targetHints":{"allow":["GET"]}}],"collection":[{"href":"https:\/\/kks-geschmack.com\/fr\/wp-json\/wp\/v2\/pages"}],"about":[{"href":"https:\/\/kks-geschmack.com\/fr\/wp-json\/wp\/v2\/types\/page"}],"author":[{"embeddable":true,"href":"https:\/\/kks-geschmack.com\/fr\/wp-json\/wp\/v2\/users\/1"}],"replies":[{"embeddable":true,"href":"https:\/\/kks-geschmack.com\/fr\/wp-json\/wp\/v2\/comments?post=21461"}],"version-history":[{"count":0,"href":"https:\/\/kks-geschmack.com\/fr\/wp-json\/wp\/v2\/pages\/21461\/revisions"}],"wp:attachment":[{"href":"https:\/\/kks-geschmack.com\/fr\/wp-json\/wp\/v2\/media?parent=21461"}],"curies":[{"name":"wp","href":"https:\/\/api.w.org\/{rel}","templated":true}]}}